{"id":1401,"date":"2022-02-25T10:52:32","date_gmt":"2022-02-25T09:52:32","guid":{"rendered":"https:\/\/www.muzeumtrebisov.sk\/?page_id=1401"},"modified":"2022-02-26T08:54:29","modified_gmt":"2022-02-26T07:54:29","slug":"fotogaleria","status":"publish","type":"page","link":"https:\/\/www.muzeumtrebisov.sk\/hu\/fotogaleria\/","title":{"rendered":"Fot\u00f3gal\u00e9ria"},"content":{"rendered":"<div class=\"wp-container-2 wp-block-columns\">\n<div class=\"wp-container-1 wp-block-column\" style=\"flex-basis:100%\"><div class=\"wp-block-visual-portfolio\">\n<div class=\"vp-portfolio vp-uid-ea50ca9d vp-id-Z139KSM\"\n    data-vp-layout=\"tiles\" data-vp-content-source=\"post-based\" data-vp-items-style=\"fade\" data-vp-items-click-action=\"url\" data-vp-items-gap=\"15\" data-vp-items-gap-vertical=\"\" data-vp-pagination=\"load-more\" data-vp-next-page-url=\"\" data-vp-tiles-type=\"4|1,1|\" >\n    <div class=\"vp-portfolio__preloader-wrap\">\n        <div class=\"vp-portfolio__preloader\">\n            <img loading=\"eager\" src=\"https:\/\/www.muzeumtrebisov.sk\/wp-content\/plugins\/visual-portfolio\/assets\/images\/logo-dark.svg\" alt=\"Visual Portfolio, Posts &amp; Image Gallery for WordPress\" width=\"20\" height=\"20\" data-skip-lazy>\n        <\/div>\n    <\/div>\n        <div class=\"vp-portfolio__items-wrap\">\n            \n<div class=\"vp-portfolio__items vp-portfolio__items-style-fade vp-portfolio__items-show-overlay-hover\">\n\n        <article        class=\"vp-portfolio__item-wrap post-2767 portfolio type-portfolio status-publish format-standard has-post-thumbnail hentry vp-portfolio__item-uid-21a4fcfd\" data-vp-filter=\"\"         >\n                                    <figure class=\"vp-portfolio__item\">\n                \n<div class=\"vp-portfolio__item-img-wrap\">\n    <div class=\"vp-portfolio__item-img\">\n            <a\n        href=\"https:\/\/www.muzeumtrebisov.sk\/hu\/portfolio\/dni-europskeho-kulturneho-dedicstva\/\"\n            >\n    \n        <img width=\"1280\" height=\"853\" src=\"https:\/\/www.muzeumtrebisov.sk\/wp-content\/uploads\/2022\/09\/IMG-7474-1280x853.jpg\" class=\"wp-image-2773\" alt=\"\" loading=\"lazy\" srcset=\"https:\/\/www.muzeumtrebisov.sk\/wp-content\/uploads\/2022\/09\/IMG-7474-1280x853.jpg 1280w, https:\/\/www.muzeumtrebisov.sk\/wp-content\/uploads\/2022\/09\/IMG-7474-300x200.jpg 300w, https:\/\/www.muzeumtrebisov.sk\/wp-content\/uploads\/2022\/09\/IMG-7474-1024x683.jpg 1024w, https:\/\/www.muzeumtrebisov.sk\/wp-content\/uploads\/2022\/09\/IMG-7474-768x512.jpg 768w, https:\/\/www.muzeumtrebisov.sk\/wp-content\/uploads\/2022\/09\/IMG-7474-1536x1024.jpg 1536w, https:\/\/www.muzeumtrebisov.sk\/wp-content\/uploads\/2022\/09\/IMG-7474-18x12.jpg 18w, https:\/\/www.muzeumtrebisov.sk\/wp-content\/uploads\/2022\/09\/IMG-7474-500x333.jpg 500w, https:\/\/www.muzeumtrebisov.sk\/wp-content\/uploads\/2022\/09\/IMG-7474-800x533.jpg 800w, https:\/\/www.muzeumtrebisov.sk\/wp-content\/uploads\/2022\/09\/IMG-7474-1920x1280.jpg 1920w, https:\/\/www.muzeumtrebisov.sk\/wp-content\/uploads\/2022\/09\/IMG-7474-600x400.jpg 600w, https:\/\/www.muzeumtrebisov.sk\/wp-content\/uploads\/2022\/09\/IMG-7474.jpg 2048w\" sizes=\"(max-width: 1280px) 100vw, 1280px\" \/>\n        <\/a>    <\/div>\n<\/div>\n\n<figcaption class=\"vp-portfolio__item-overlay vp-portfolio__item-overlay-text-align-center\">\n    <div class=\"vp-portfolio__item-meta-wrap vp-portfolio__custom-scrollbar\">\n            <a\n        href=\"https:\/\/www.muzeumtrebisov.sk\/hu\/portfolio\/dni-europskeho-kulturneho-dedicstva\/\"\n        tabindex=\"-1\" class=\"vp-portfolio__item-meta\"     >\n    \n        \n<h2 class=\"vp-portfolio__item-meta-title\">\n    Dni eur\u00f3pskeho kult\u00farneho dedi\u010dstva<\/h2>\n\n        <\/a>    <\/div>\n<\/figcaption>\n            <\/figure>\n                    <\/article>\n        \n        <article        class=\"vp-portfolio__item-wrap post-2693 portfolio type-portfolio status-publish format-standard has-post-thumbnail hentry vp-portfolio__item-uid-a0934e1c\" data-vp-filter=\"\"         >\n                                    <figure class=\"vp-portfolio__item\">\n                \n<div class=\"vp-portfolio__item-img-wrap\">\n    <div class=\"vp-portfolio__item-img\">\n            <a\n        href=\"https:\/\/www.muzeumtrebisov.sk\/hu\/portfolio\/poznaj-a-chran-2022\/\"\n            >\n    \n        <img width=\"640\" height=\"427\" src=\"https:\/\/www.muzeumtrebisov.sk\/wp-content\/uploads\/2022\/07\/Poznaj-a-chran_030.jpg\" class=\"wp-image-2723\" alt=\"\" loading=\"lazy\" srcset=\"https:\/\/www.muzeumtrebisov.sk\/wp-content\/uploads\/2022\/07\/Poznaj-a-chran_030.jpg 640w, https:\/\/www.muzeumtrebisov.sk\/wp-content\/uploads\/2022\/07\/Poznaj-a-chran_030-300x200.jpg 300w, https:\/\/www.muzeumtrebisov.sk\/wp-content\/uploads\/2022\/07\/Poznaj-a-chran_030-18x12.jpg 18w, https:\/\/www.muzeumtrebisov.sk\/wp-content\/uploads\/2022\/07\/Poznaj-a-chran_030-500x334.jpg 500w, https:\/\/www.muzeumtrebisov.sk\/wp-content\/uploads\/2022\/07\/Poznaj-a-chran_030-600x400.jpg 600w\" sizes=\"(max-width: 640px) 100vw, 640px\" \/>\n        <\/a>    <\/div>\n<\/div>\n\n<figcaption class=\"vp-portfolio__item-overlay vp-portfolio__item-overlay-text-align-center\">\n    <div class=\"vp-portfolio__item-meta-wrap vp-portfolio__custom-scrollbar\">\n            <a\n        href=\"https:\/\/www.muzeumtrebisov.sk\/hu\/portfolio\/poznaj-a-chran-2022\/\"\n        tabindex=\"-1\" class=\"vp-portfolio__item-meta\"     >\n    \n        \n<h2 class=\"vp-portfolio__item-meta-title\">\n    Poznaj a chr\u00e1\u0148 2022<\/h2>\n\n        <\/a>    <\/div>\n<\/figcaption>\n            <\/figure>\n                    <\/article>\n        \n        <article        class=\"vp-portfolio__item-wrap post-2624 portfolio type-portfolio status-publish format-standard has-post-thumbnail hentry vp-portfolio__item-uid-dd030274\" data-vp-filter=\"\"         >\n                                    <figure class=\"vp-portfolio__item\">\n                \n<div class=\"vp-portfolio__item-img-wrap\">\n    <div class=\"vp-portfolio__item-img\">\n            <a\n        href=\"https:\/\/www.muzeumtrebisov.sk\/hu\/portfolio\/kastielkovo-2022\/\"\n            >\n    \n        <img width=\"640\" height=\"427\" src=\"https:\/\/www.muzeumtrebisov.sk\/wp-content\/uploads\/2022\/07\/Kastielkovo_1_044.jpg\" class=\"wp-image-2668\" alt=\"\" loading=\"lazy\" srcset=\"https:\/\/www.muzeumtrebisov.sk\/wp-content\/uploads\/2022\/07\/Kastielkovo_1_044.jpg 640w, https:\/\/www.muzeumtrebisov.sk\/wp-content\/uploads\/2022\/07\/Kastielkovo_1_044-300x200.jpg 300w, https:\/\/www.muzeumtrebisov.sk\/wp-content\/uploads\/2022\/07\/Kastielkovo_1_044-18x12.jpg 18w, https:\/\/www.muzeumtrebisov.sk\/wp-content\/uploads\/2022\/07\/Kastielkovo_1_044-500x334.jpg 500w, https:\/\/www.muzeumtrebisov.sk\/wp-content\/uploads\/2022\/07\/Kastielkovo_1_044-600x400.jpg 600w\" sizes=\"(max-width: 640px) 100vw, 640px\" \/>\n        <\/a>    <\/div>\n<\/div>\n\n<figcaption class=\"vp-portfolio__item-overlay vp-portfolio__item-overlay-text-align-center\">\n    <div class=\"vp-portfolio__item-meta-wrap vp-portfolio__custom-scrollbar\">\n            <a\n        href=\"https:\/\/www.muzeumtrebisov.sk\/hu\/portfolio\/kastielkovo-2022\/\"\n        tabindex=\"-1\" class=\"vp-portfolio__item-meta\"     >\n    \n        \n<h2 class=\"vp-portfolio__item-meta-title\">\n    Ka\u0161tie\u013ekovo 2022<\/h2>\n\n        <\/a>    <\/div>\n<\/figcaption>\n            <\/figure>\n                    <\/article>\n        \n        <article        class=\"vp-portfolio__item-wrap post-1678 portfolio type-portfolio status-publish format-standard has-post-thumbnail hentry vp-portfolio__item-uid-bb7715f4\" data-vp-filter=\"\"         >\n                                    <figure class=\"vp-portfolio__item\">\n                \n<div class=\"vp-portfolio__item-img-wrap\">\n    <div class=\"vp-portfolio__item-img\">\n            <a\n        href=\"https:\/\/www.muzeumtrebisov.sk\/hu\/portfolio\/kastielkovo-i-2021\/\"\n            >\n    \n        <img width=\"800\" height=\"533\" src=\"https:\/\/www.muzeumtrebisov.sk\/wp-content\/uploads\/2022\/02\/letny_detsky_tabor_kastielkovo_1_2021-38.jpg\" class=\"wp-image-1716\" alt=\"\" loading=\"lazy\" srcset=\"https:\/\/www.muzeumtrebisov.sk\/wp-content\/uploads\/2022\/02\/letny_detsky_tabor_kastielkovo_1_2021-38.jpg 800w, https:\/\/www.muzeumtrebisov.sk\/wp-content\/uploads\/2022\/02\/letny_detsky_tabor_kastielkovo_1_2021-38-300x200.jpg 300w, https:\/\/www.muzeumtrebisov.sk\/wp-content\/uploads\/2022\/02\/letny_detsky_tabor_kastielkovo_1_2021-38-768x512.jpg 768w, https:\/\/www.muzeumtrebisov.sk\/wp-content\/uploads\/2022\/02\/letny_detsky_tabor_kastielkovo_1_2021-38-500x333.jpg 500w, https:\/\/www.muzeumtrebisov.sk\/wp-content\/uploads\/2022\/02\/letny_detsky_tabor_kastielkovo_1_2021-38-600x400.jpg 600w\" sizes=\"(max-width: 800px) 100vw, 800px\" \/>\n        <\/a>    <\/div>\n<\/div>\n\n<figcaption class=\"vp-portfolio__item-overlay vp-portfolio__item-overlay-text-align-center\">\n    <div class=\"vp-portfolio__item-meta-wrap vp-portfolio__custom-scrollbar\">\n            <a\n        href=\"https:\/\/www.muzeumtrebisov.sk\/hu\/portfolio\/kastielkovo-i-2021\/\"\n        tabindex=\"-1\" class=\"vp-portfolio__item-meta\"     >\n    \n        \n<h2 class=\"vp-portfolio__item-meta-title\">\n    Ka\u0161tie\u013ekovo I. 2021<\/h2>\n\n        <\/a>    <\/div>\n<\/figcaption>\n            <\/figure>\n                    <\/article>\n        \n        <article        class=\"vp-portfolio__item-wrap post-1621 portfolio type-portfolio status-publish format-standard has-post-thumbnail hentry vp-portfolio__item-uid-bfdc5915\" data-vp-filter=\"\"         >\n                                    <figure class=\"vp-portfolio__item\">\n                \n<div class=\"vp-portfolio__item-img-wrap\">\n    <div class=\"vp-portfolio__item-img\">\n            <a\n        href=\"https:\/\/www.muzeumtrebisov.sk\/hu\/portfolio\/augustova-ulicka-remesiel-v-trebisovskom-kastieli\/\"\n            >\n    \n        <img width=\"800\" height=\"533\" src=\"https:\/\/www.muzeumtrebisov.sk\/wp-content\/uploads\/2022\/02\/ulicka_remesiel_2021-29.jpg\" class=\"wp-image-1650\" alt=\"\" loading=\"lazy\" srcset=\"https:\/\/www.muzeumtrebisov.sk\/wp-content\/uploads\/2022\/02\/ulicka_remesiel_2021-29.jpg 800w, https:\/\/www.muzeumtrebisov.sk\/wp-content\/uploads\/2022\/02\/ulicka_remesiel_2021-29-300x200.jpg 300w, https:\/\/www.muzeumtrebisov.sk\/wp-content\/uploads\/2022\/02\/ulicka_remesiel_2021-29-768x512.jpg 768w, https:\/\/www.muzeumtrebisov.sk\/wp-content\/uploads\/2022\/02\/ulicka_remesiel_2021-29-500x333.jpg 500w, https:\/\/www.muzeumtrebisov.sk\/wp-content\/uploads\/2022\/02\/ulicka_remesiel_2021-29-600x400.jpg 600w\" sizes=\"(max-width: 800px) 100vw, 800px\" \/>\n        <\/a>    <\/div>\n<\/div>\n\n<figcaption class=\"vp-portfolio__item-overlay vp-portfolio__item-overlay-text-align-center\">\n    <div class=\"vp-portfolio__item-meta-wrap vp-portfolio__custom-scrollbar\">\n            <a\n        href=\"https:\/\/www.muzeumtrebisov.sk\/hu\/portfolio\/augustova-ulicka-remesiel-v-trebisovskom-kastieli\/\"\n        tabindex=\"-1\" class=\"vp-portfolio__item-meta\"     >\n    \n        \n<h2 class=\"vp-portfolio__item-meta-title\">\n    Augustov\u00e1 Uli\u010dka remesiel v trebi\u0161ovskom ka\u0161tieli<\/h2>\n\n        <\/a>    <\/div>\n<\/figcaption>\n            <\/figure>\n                    <\/article>\n        \n        <article        class=\"vp-portfolio__item-wrap post-1564 portfolio type-portfolio status-publish format-standard has-post-thumbnail hentry vp-portfolio__item-uid-a99cd6c7\" data-vp-filter=\"\"         >\n                                    <figure class=\"vp-portfolio__item\">\n                \n<div class=\"vp-portfolio__item-img-wrap\">\n    <div class=\"vp-portfolio__item-img\">\n            <a\n        href=\"https:\/\/www.muzeumtrebisov.sk\/hu\/portfolio\/fotogaleria-kastiel-andrassyovcov-klenot-zemplina\/\"\n            >\n    \n        <img width=\"800\" height=\"533\" src=\"https:\/\/www.muzeumtrebisov.sk\/wp-content\/uploads\/2022\/02\/kastiel_andrassyovcov_klenot_zemplina_2021-09.jpg\" class=\"wp-image-1573\" alt=\"\" loading=\"lazy\" srcset=\"https:\/\/www.muzeumtrebisov.sk\/wp-content\/uploads\/2022\/02\/kastiel_andrassyovcov_klenot_zemplina_2021-09.jpg 800w, https:\/\/www.muzeumtrebisov.sk\/wp-content\/uploads\/2022\/02\/kastiel_andrassyovcov_klenot_zemplina_2021-09-300x200.jpg 300w, https:\/\/www.muzeumtrebisov.sk\/wp-content\/uploads\/2022\/02\/kastiel_andrassyovcov_klenot_zemplina_2021-09-768x512.jpg 768w, https:\/\/www.muzeumtrebisov.sk\/wp-content\/uploads\/2022\/02\/kastiel_andrassyovcov_klenot_zemplina_2021-09-500x333.jpg 500w, https:\/\/www.muzeumtrebisov.sk\/wp-content\/uploads\/2022\/02\/kastiel_andrassyovcov_klenot_zemplina_2021-09-600x400.jpg 600w\" sizes=\"(max-width: 800px) 100vw, 800px\" \/>\n        <\/a>    <\/div>\n<\/div>\n\n<figcaption class=\"vp-portfolio__item-overlay vp-portfolio__item-overlay-text-align-center\">\n    <div class=\"vp-portfolio__item-meta-wrap vp-portfolio__custom-scrollbar\">\n            <a\n        href=\"https:\/\/www.muzeumtrebisov.sk\/hu\/portfolio\/fotogaleria-kastiel-andrassyovcov-klenot-zemplina\/\"\n        tabindex=\"-1\" class=\"vp-portfolio__item-meta\"     >\n    \n        \n<h2 class=\"vp-portfolio__item-meta-title\">\n    Fotogal\u00e9ria ka\u0161tie\u013e Andr\u00e1ssyovcov &#8211; Klenot Zempl\u00edna<\/h2>\n\n        <\/a>    <\/div>\n<\/figcaption>\n            <\/figure>\n                    <\/article>\n        \n        <article        class=\"vp-portfolio__item-wrap post-1550 portfolio type-portfolio status-publish format-standard has-post-thumbnail hentry vp-portfolio__item-uid-85dc411d\" data-vp-filter=\"\"         >\n                                    <figure class=\"vp-portfolio__item\">\n                \n<div class=\"vp-portfolio__item-img-wrap\">\n    <div class=\"vp-portfolio__item-img\">\n            <a\n        href=\"https:\/\/www.muzeumtrebisov.sk\/hu\/portfolio\/fotogaleria-z-podujatia-klenotnica-detom\/\"\n            >\n    \n        <img width=\"800\" height=\"533\" src=\"https:\/\/www.muzeumtrebisov.sk\/wp-content\/uploads\/2022\/02\/klenotnica_detom_2021-01.jpg\" class=\"wp-image-1551\" alt=\"\" loading=\"lazy\" srcset=\"https:\/\/www.muzeumtrebisov.sk\/wp-content\/uploads\/2022\/02\/klenotnica_detom_2021-01.jpg 800w, https:\/\/www.muzeumtrebisov.sk\/wp-content\/uploads\/2022\/02\/klenotnica_detom_2021-01-300x200.jpg 300w, https:\/\/www.muzeumtrebisov.sk\/wp-content\/uploads\/2022\/02\/klenotnica_detom_2021-01-768x512.jpg 768w, https:\/\/www.muzeumtrebisov.sk\/wp-content\/uploads\/2022\/02\/klenotnica_detom_2021-01-500x333.jpg 500w, https:\/\/www.muzeumtrebisov.sk\/wp-content\/uploads\/2022\/02\/klenotnica_detom_2021-01-600x400.jpg 600w\" sizes=\"(max-width: 800px) 100vw, 800px\" \/>\n        <\/a>    <\/div>\n<\/div>\n\n<figcaption class=\"vp-portfolio__item-overlay vp-portfolio__item-overlay-text-align-center\">\n    <div class=\"vp-portfolio__item-meta-wrap vp-portfolio__custom-scrollbar\">\n            <a\n        href=\"https:\/\/www.muzeumtrebisov.sk\/hu\/portfolio\/fotogaleria-z-podujatia-klenotnica-detom\/\"\n        tabindex=\"-1\" class=\"vp-portfolio__item-meta\"     >\n    \n        \n<h2 class=\"vp-portfolio__item-meta-title\">\n    Fotogal\u00e9ria z podujatia Klenotnica de\u0165om<\/h2>\n\n        <\/a>    <\/div>\n<\/figcaption>\n            <\/figure>\n                    <\/article>\n        \n        <article        class=\"vp-portfolio__item-wrap post-1515 portfolio type-portfolio status-publish format-standard has-post-thumbnail hentry vp-portfolio__item-uid-91da7096\" data-vp-filter=\"\"         >\n                                    <figure class=\"vp-portfolio__item\">\n                \n<div class=\"vp-portfolio__item-img-wrap\">\n    <div class=\"vp-portfolio__item-img\">\n            <a\n        href=\"https:\/\/www.muzeumtrebisov.sk\/hu\/portfolio\/fotogaleria-z-podujatia-citaj-s-nami\/\"\n            >\n    \n        <img width=\"533\" height=\"800\" src=\"https:\/\/www.muzeumtrebisov.sk\/wp-content\/uploads\/2022\/02\/citaj_s_nami_2021-16.jpg\" class=\"wp-image-1531\" alt=\"\" loading=\"lazy\" srcset=\"https:\/\/www.muzeumtrebisov.sk\/wp-content\/uploads\/2022\/02\/citaj_s_nami_2021-16.jpg 533w, https:\/\/www.muzeumtrebisov.sk\/wp-content\/uploads\/2022\/02\/citaj_s_nami_2021-16-200x300.jpg 200w, https:\/\/www.muzeumtrebisov.sk\/wp-content\/uploads\/2022\/02\/citaj_s_nami_2021-16-500x750.jpg 500w\" sizes=\"(max-width: 533px) 100vw, 533px\" \/>\n        <\/a>    <\/div>\n<\/div>\n\n<figcaption class=\"vp-portfolio__item-overlay vp-portfolio__item-overlay-text-align-center\">\n    <div class=\"vp-portfolio__item-meta-wrap vp-portfolio__custom-scrollbar\">\n            <a\n        href=\"https:\/\/www.muzeumtrebisov.sk\/hu\/portfolio\/fotogaleria-z-podujatia-citaj-s-nami\/\"\n        tabindex=\"-1\" class=\"vp-portfolio__item-meta\"     >\n    \n        \n<h2 class=\"vp-portfolio__item-meta-title\">\n    Fotogal\u00e9ria z podujatia \u010c\u00edtaj s nami<\/h2>\n\n        <\/a>    <\/div>\n<\/figcaption>\n            <\/figure>\n                    <\/article>\n        \n        <article        class=\"vp-portfolio__item-wrap post-1496 portfolio type-portfolio status-publish format-standard has-post-thumbnail hentry vp-portfolio__item-uid-c1c8c113\" data-vp-filter=\"\"         >\n                                    <figure class=\"vp-portfolio__item\">\n                \n<div class=\"vp-portfolio__item-img-wrap\">\n    <div class=\"vp-portfolio__item-img\">\n            <a\n        href=\"https:\/\/www.muzeumtrebisov.sk\/hu\/portfolio\/fotogaleria-z-otvorenia-vystavy-polovnicky-salon-andrassyovcov\/\"\n            >\n    \n        <img width=\"800\" height=\"533\" src=\"https:\/\/www.muzeumtrebisov.sk\/wp-content\/uploads\/2022\/02\/polovnicky_salon_andrassyovcov_2021-11.jpg\" class=\"wp-image-1507\" alt=\"\" loading=\"lazy\" srcset=\"https:\/\/www.muzeumtrebisov.sk\/wp-content\/uploads\/2022\/02\/polovnicky_salon_andrassyovcov_2021-11.jpg 800w, https:\/\/www.muzeumtrebisov.sk\/wp-content\/uploads\/2022\/02\/polovnicky_salon_andrassyovcov_2021-11-300x200.jpg 300w, https:\/\/www.muzeumtrebisov.sk\/wp-content\/uploads\/2022\/02\/polovnicky_salon_andrassyovcov_2021-11-768x512.jpg 768w, https:\/\/www.muzeumtrebisov.sk\/wp-content\/uploads\/2022\/02\/polovnicky_salon_andrassyovcov_2021-11-500x333.jpg 500w, https:\/\/www.muzeumtrebisov.sk\/wp-content\/uploads\/2022\/02\/polovnicky_salon_andrassyovcov_2021-11-600x400.jpg 600w\" sizes=\"(max-width: 800px) 100vw, 800px\" \/>\n        <\/a>    <\/div>\n<\/div>\n\n<figcaption class=\"vp-portfolio__item-overlay vp-portfolio__item-overlay-text-align-center\">\n    <div class=\"vp-portfolio__item-meta-wrap vp-portfolio__custom-scrollbar\">\n            <a\n        href=\"https:\/\/www.muzeumtrebisov.sk\/hu\/portfolio\/fotogaleria-z-otvorenia-vystavy-polovnicky-salon-andrassyovcov\/\"\n        tabindex=\"-1\" class=\"vp-portfolio__item-meta\"     >\n    \n        \n<h2 class=\"vp-portfolio__item-meta-title\">\n    Fotogal\u00e9ria z otvorenia v\u00fdstavy Po\u013eovn\u00edcky sal\u00f3n Andr\u00e1ssyovcov<\/h2>\n\n        <\/a>    <\/div>\n<\/figcaption>\n            <\/figure>\n                    <\/article>\n        \n        <article        class=\"vp-portfolio__item-wrap post-1473 portfolio type-portfolio status-publish format-standard has-post-thumbnail hentry vp-portfolio__item-uid-2f211812\" data-vp-filter=\"\" style=\"--vp-images__object-position: 80% 50%;\"         >\n                                    <figure class=\"vp-portfolio__item\">\n                \n<div class=\"vp-portfolio__item-img-wrap\">\n    <div class=\"vp-portfolio__item-img\">\n            <a\n        href=\"https:\/\/www.muzeumtrebisov.sk\/hu\/portfolio\/fotogaleria-z-otvorenia-vystavy-umenie-v-zbierkach-slachtickych-rodov\/\"\n            >\n    \n        <img width=\"800\" height=\"450\" src=\"https:\/\/www.muzeumtrebisov.sk\/wp-content\/uploads\/2022\/02\/umenie_v_zbierkach_slachtickych_rodov-2021-01.jpg\" class=\"wp-image-1474\" alt=\"\" loading=\"lazy\" srcset=\"https:\/\/www.muzeumtrebisov.sk\/wp-content\/uploads\/2022\/02\/umenie_v_zbierkach_slachtickych_rodov-2021-01.jpg 800w, https:\/\/www.muzeumtrebisov.sk\/wp-content\/uploads\/2022\/02\/umenie_v_zbierkach_slachtickych_rodov-2021-01-300x169.jpg 300w, https:\/\/www.muzeumtrebisov.sk\/wp-content\/uploads\/2022\/02\/umenie_v_zbierkach_slachtickych_rodov-2021-01-768x432.jpg 768w, https:\/\/www.muzeumtrebisov.sk\/wp-content\/uploads\/2022\/02\/umenie_v_zbierkach_slachtickych_rodov-2021-01-500x281.jpg 500w, https:\/\/www.muzeumtrebisov.sk\/wp-content\/uploads\/2022\/02\/umenie_v_zbierkach_slachtickych_rodov-2021-01-600x338.jpg 600w\" sizes=\"(max-width: 800px) 100vw, 800px\" \/>\n        <\/a>    <\/div>\n<\/div>\n\n<figcaption class=\"vp-portfolio__item-overlay vp-portfolio__item-overlay-text-align-center\">\n    <div class=\"vp-portfolio__item-meta-wrap vp-portfolio__custom-scrollbar\">\n            <a\n        href=\"https:\/\/www.muzeumtrebisov.sk\/hu\/portfolio\/fotogaleria-z-otvorenia-vystavy-umenie-v-zbierkach-slachtickych-rodov\/\"\n        tabindex=\"-1\" class=\"vp-portfolio__item-meta\"     >\n    \n        \n<h2 class=\"vp-portfolio__item-meta-title\">\n    Fotogal\u00e9ria z otvorenia v\u00fdstavy Umenie v zbierkach \u0161\u013eachtick\u00fdch rodov<\/h2>\n\n        <\/a>    <\/div>\n<\/figcaption>\n            <\/figure>\n                    <\/article>\n        \n        <article        class=\"vp-portfolio__item-wrap post-1375 portfolio type-portfolio status-publish format-standard has-post-thumbnail hentry vp-portfolio__item-uid-c30daba2\" data-vp-filter=\"\"         >\n                                    <figure class=\"vp-portfolio__item\">\n                \n<div class=\"vp-portfolio__item-img-wrap\">\n    <div class=\"vp-portfolio__item-img\">\n            <a\n        href=\"https:\/\/www.muzeumtrebisov.sk\/hu\/portfolio\/fotogaleria-z-otvorenia-expozicie-andrassyovskeho-zazitkoveho-bodu\/\"\n            >\n    \n        <img width=\"640\" height=\"389\" src=\"https:\/\/www.muzeumtrebisov.sk\/wp-content\/uploads\/2022\/02\/andrassyho_zazitkovy_bod_2021-10.jpg\" class=\"wp-image-1386\" alt=\"\" loading=\"lazy\" srcset=\"https:\/\/www.muzeumtrebisov.sk\/wp-content\/uploads\/2022\/02\/andrassyho_zazitkovy_bod_2021-10.jpg 640w, https:\/\/www.muzeumtrebisov.sk\/wp-content\/uploads\/2022\/02\/andrassyho_zazitkovy_bod_2021-10-300x182.jpg 300w, https:\/\/www.muzeumtrebisov.sk\/wp-content\/uploads\/2022\/02\/andrassyho_zazitkovy_bod_2021-10-500x304.jpg 500w, https:\/\/www.muzeumtrebisov.sk\/wp-content\/uploads\/2022\/02\/andrassyho_zazitkovy_bod_2021-10-600x365.jpg 600w\" sizes=\"(max-width: 640px) 100vw, 640px\" \/>\n        <\/a>    <\/div>\n<\/div>\n\n<figcaption class=\"vp-portfolio__item-overlay vp-portfolio__item-overlay-text-align-center\">\n    <div class=\"vp-portfolio__item-meta-wrap vp-portfolio__custom-scrollbar\">\n            <a\n        href=\"https:\/\/www.muzeumtrebisov.sk\/hu\/portfolio\/fotogaleria-z-otvorenia-expozicie-andrassyovskeho-zazitkoveho-bodu\/\"\n        tabindex=\"-1\" class=\"vp-portfolio__item-meta\"     >\n    \n        \n<h2 class=\"vp-portfolio__item-meta-title\">\n    Fotogal\u00e9ria z otvorenia expoz\u00edcie Andr\u00e1ssyovsk\u00e9ho z\u00e1\u017eitkov\u00e9ho bodu<\/h2>\n\n        <\/a>    <\/div>\n<\/figcaption>\n            <\/figure>\n                    <\/article>\n        \n<\/div>\n        <\/div>\n                <div class=\"vp-portfolio__layout-elements vp-portfolio__layout-elements-bottom vp-portfolio__layout-elements-align-center\">\n                <div class=\"vp-portfolio__pagination-wrap\">\n        \n<div class=\"vp-pagination vp-pagination__no-more vp-pagination__style-minimal\" data-vp-pagination-type=\"load-more\">\n    <div class=\"vp-pagination__item\">\n        <a class=\"vp-pagination__load-more\" href=\"\">\n            <span>Load More<\/span>\n            <span class=\"vp-pagination__load-more-loading\"><span class=\"vp-spinner\"><\/span><span class=\"vp-screen-reader-text\"> Loading More&#8230;<\/span><\/span>\n            <span class=\"vp-pagination__load-more-no-more\"><\/span>\n        <\/a>\n    <\/div>\n<\/div>\n        <\/div>\n                <\/div>\n        \n<\/div>\n<\/div><\/div>\n<\/div>","protected":false},"excerpt":{"rendered":"","protected":false},"author":1,"featured_media":1219,"parent":0,"menu_order":0,"comment_status":"closed","ping_status":"closed","template":"","meta":{"om_disable_all_campaigns":false,"_vp_format_video_url":"","_vp_image_focal_point":[]},"aioseo_notices":[],"yoast_head":"<!-- This site is optimized with the Yoast SEO plugin v18.5.1 - https:\/\/yoast.com\/wordpress\/plugins\/seo\/ -->\n<title>Fotogal\u00e9ria | M\u00fazeum Trebi\u0161ov - Ka\u0161tie\u013e Andr\u00e1ssyovcov<\/title>\n<meta name=\"robots\" content=\"index, follow, max-snippet:-1, max-image-preview:large, max-video-preview:-1\" \/>\n<link rel=\"canonical\" href=\"https:\/\/www.muzeumtrebisov.sk\/hu\/fotogaleria\/\" \/>\n<meta property=\"og:locale\" content=\"hu_HU\" \/>\n<meta property=\"og:type\" content=\"article\" \/>\n<meta property=\"og:title\" content=\"Fotogal\u00e9ria | M\u00fazeum Trebi\u0161ov - Ka\u0161tie\u013e Andr\u00e1ssyovcov\" \/>\n<meta property=\"og:url\" content=\"https:\/\/www.muzeumtrebisov.sk\/hu\/fotogaleria\/\" \/>\n<meta property=\"og:site_name\" content=\"M\u00fazeum Trebi\u0161ov - Ka\u0161tie\u013e Andr\u00e1ssyovcov\" \/>\n<meta property=\"article:publisher\" content=\"https:\/\/www.facebook.com\/muzeumtvkastielandrassyovcov\" \/>\n<meta property=\"article:modified_time\" content=\"2022-02-26T07:54:29+00:00\" \/>\n<meta property=\"og:image\" content=\"https:\/\/www.muzeumtrebisov.sk\/wp-content\/uploads\/2022\/02\/cropped-titul1.jpg\" \/>\n\t<meta property=\"og:image:width\" content=\"1814\" \/>\n\t<meta property=\"og:image:height\" content=\"1211\" \/>\n\t<meta property=\"og:image:type\" content=\"image\/jpeg\" \/>\n<meta name=\"twitter:card\" content=\"summary_large_image\" \/>\n<script type=\"application\/ld+json\" class=\"yoast-schema-graph\">{\"@context\":\"https:\/\/schema.org\",\"@graph\":[{\"@type\":\"Organization\",\"@id\":\"https:\/\/www.muzeumtrebisov.sk\/#organization\",\"name\":\"M\u00fazeum Trebi\u0161ov - Ka\u0161tie\u013e Andr\u00e1ssyovcov\",\"url\":\"https:\/\/www.muzeumtrebisov.sk\/\",\"sameAs\":[\"https:\/\/www.facebook.com\/muzeumtvkastielandrassyovcov\",\"https:\/\/www.instagram.com\/muzeumtrebisovkastielandrassy\/\",\"https:\/\/www.youtube.com\/channel\/UCprfZHvPNIxqZ2IHCDwfv1w\"],\"logo\":{\"@type\":\"ImageObject\",\"@id\":\"https:\/\/www.muzeumtrebisov.sk\/#logo\",\"inLanguage\":\"hu\",\"url\":\"https:\/\/www.muzeumtrebisov.sk\/wp-content\/uploads\/2022\/04\/dual-logo-color-hor.png\",\"contentUrl\":\"https:\/\/www.muzeumtrebisov.sk\/wp-content\/uploads\/2022\/04\/dual-logo-color-hor.png\",\"width\":749,\"height\":140,\"caption\":\"M\u00fazeum Trebi\u0161ov - Ka\u0161tie\u013e Andr\u00e1ssyovcov\"},\"image\":{\"@id\":\"https:\/\/www.muzeumtrebisov.sk\/#logo\"}},{\"@type\":\"WebSite\",\"@id\":\"https:\/\/www.muzeumtrebisov.sk\/#website\",\"url\":\"https:\/\/www.muzeumtrebisov.sk\/\",\"name\":\"M\u00fazeum Trebi\u0161ov - Ka\u0161tie\u013e Andr\u00e1ssyovcov\",\"description\":\"Hist\u00f3ria Andr\u00e1ssyovcov a ju\u017en\u00e9ho Zempl\u00edna\",\"publisher\":{\"@id\":\"https:\/\/www.muzeumtrebisov.sk\/#organization\"},\"potentialAction\":[{\"@type\":\"SearchAction\",\"target\":{\"@type\":\"EntryPoint\",\"urlTemplate\":\"https:\/\/www.muzeumtrebisov.sk\/?s={search_term_string}\"},\"query-input\":\"required name=search_term_string\"}],\"inLanguage\":\"hu\"},{\"@type\":\"ImageObject\",\"@id\":\"https:\/\/www.muzeumtrebisov.sk\/fotogaleria\/#primaryimage\",\"inLanguage\":\"hu\",\"url\":\"https:\/\/www.muzeumtrebisov.sk\/wp-content\/uploads\/2022\/02\/cropped-titul1.jpg\",\"contentUrl\":\"https:\/\/www.muzeumtrebisov.sk\/wp-content\/uploads\/2022\/02\/cropped-titul1.jpg\",\"width\":1814,\"height\":1211},{\"@type\":\"WebPage\",\"@id\":\"https:\/\/www.muzeumtrebisov.sk\/fotogaleria\/#webpage\",\"url\":\"https:\/\/www.muzeumtrebisov.sk\/fotogaleria\/\",\"name\":\"Fotogal\u00e9ria | M\u00fazeum Trebi\u0161ov - Ka\u0161tie\u013e Andr\u00e1ssyovcov\",\"isPartOf\":{\"@id\":\"https:\/\/www.muzeumtrebisov.sk\/#website\"},\"primaryImageOfPage\":{\"@id\":\"https:\/\/www.muzeumtrebisov.sk\/fotogaleria\/#primaryimage\"},\"datePublished\":\"2022-02-25T09:52:32+00:00\",\"dateModified\":\"2022-02-26T07:54:29+00:00\",\"breadcrumb\":{\"@id\":\"https:\/\/www.muzeumtrebisov.sk\/fotogaleria\/#breadcrumb\"},\"inLanguage\":\"hu\",\"potentialAction\":[{\"@type\":\"ReadAction\",\"target\":[\"https:\/\/www.muzeumtrebisov.sk\/fotogaleria\/\"]}]},{\"@type\":\"BreadcrumbList\",\"@id\":\"https:\/\/www.muzeumtrebisov.sk\/fotogaleria\/#breadcrumb\",\"itemListElement\":[{\"@type\":\"ListItem\",\"position\":1,\"name\":\"Home\",\"item\":\"https:\/\/www.muzeumtrebisov.sk\/\"},{\"@type\":\"ListItem\",\"position\":2,\"name\":\"Fotogal\u00e9ria\"}]}]}<\/script>\n<!-- \/ Yoast SEO plugin. -->","yoast_head_json":{"title":"Fotogal\u00e9ria | M\u00fazeum Trebi\u0161ov - Ka\u0161tie\u013e Andr\u00e1ssyovcov","robots":{"index":"index","follow":"follow","max-snippet":"max-snippet:-1","max-image-preview":"max-image-preview:large","max-video-preview":"max-video-preview:-1"},"canonical":"https:\/\/www.muzeumtrebisov.sk\/hu\/fotogaleria\/","og_locale":"hu_HU","og_type":"article","og_title":"Fotogal\u00e9ria | M\u00fazeum Trebi\u0161ov - Ka\u0161tie\u013e Andr\u00e1ssyovcov","og_url":"https:\/\/www.muzeumtrebisov.sk\/hu\/fotogaleria\/","og_site_name":"M\u00fazeum Trebi\u0161ov - Ka\u0161tie\u013e Andr\u00e1ssyovcov","article_publisher":"https:\/\/www.facebook.com\/muzeumtvkastielandrassyovcov","article_modified_time":"2022-02-26T07:54:29+00:00","og_image":[{"width":1814,"height":1211,"url":"https:\/\/www.muzeumtrebisov.sk\/wp-content\/uploads\/2022\/02\/cropped-titul1.jpg","type":"image\/jpeg"}],"twitter_card":"summary_large_image","schema":{"@context":"https:\/\/schema.org","@graph":[{"@type":"Organization","@id":"https:\/\/www.muzeumtrebisov.sk\/#organization","name":"M\u00fazeum Trebi\u0161ov - Ka\u0161tie\u013e Andr\u00e1ssyovcov","url":"https:\/\/www.muzeumtrebisov.sk\/","sameAs":["https:\/\/www.facebook.com\/muzeumtvkastielandrassyovcov","https:\/\/www.instagram.com\/muzeumtrebisovkastielandrassy\/","https:\/\/www.youtube.com\/channel\/UCprfZHvPNIxqZ2IHCDwfv1w"],"logo":{"@type":"ImageObject","@id":"https:\/\/www.muzeumtrebisov.sk\/#logo","inLanguage":"hu","url":"https:\/\/www.muzeumtrebisov.sk\/wp-content\/uploads\/2022\/04\/dual-logo-color-hor.png","contentUrl":"https:\/\/www.muzeumtrebisov.sk\/wp-content\/uploads\/2022\/04\/dual-logo-color-hor.png","width":749,"height":140,"caption":"M\u00fazeum Trebi\u0161ov - Ka\u0161tie\u013e Andr\u00e1ssyovcov"},"image":{"@id":"https:\/\/www.muzeumtrebisov.sk\/#logo"}},{"@type":"WebSite","@id":"https:\/\/www.muzeumtrebisov.sk\/#website","url":"https:\/\/www.muzeumtrebisov.sk\/","name":"M\u00fazeum Trebi\u0161ov - Ka\u0161tie\u013e Andr\u00e1ssyovcov","description":"Hist\u00f3ria Andr\u00e1ssyovcov a ju\u017en\u00e9ho Zempl\u00edna","publisher":{"@id":"https:\/\/www.muzeumtrebisov.sk\/#organization"},"potentialAction":[{"@type":"SearchAction","target":{"@type":"EntryPoint","urlTemplate":"https:\/\/www.muzeumtrebisov.sk\/?s={search_term_string}"},"query-input":"required name=search_term_string"}],"inLanguage":"hu"},{"@type":"ImageObject","@id":"https:\/\/www.muzeumtrebisov.sk\/fotogaleria\/#primaryimage","inLanguage":"hu","url":"https:\/\/www.muzeumtrebisov.sk\/wp-content\/uploads\/2022\/02\/cropped-titul1.jpg","contentUrl":"https:\/\/www.muzeumtrebisov.sk\/wp-content\/uploads\/2022\/02\/cropped-titul1.jpg","width":1814,"height":1211},{"@type":"WebPage","@id":"https:\/\/www.muzeumtrebisov.sk\/fotogaleria\/#webpage","url":"https:\/\/www.muzeumtrebisov.sk\/fotogaleria\/","name":"Fotogal\u00e9ria | M\u00fazeum Trebi\u0161ov - Ka\u0161tie\u013e Andr\u00e1ssyovcov","isPartOf":{"@id":"https:\/\/www.muzeumtrebisov.sk\/#website"},"primaryImageOfPage":{"@id":"https:\/\/www.muzeumtrebisov.sk\/fotogaleria\/#primaryimage"},"datePublished":"2022-02-25T09:52:32+00:00","dateModified":"2022-02-26T07:54:29+00:00","breadcrumb":{"@id":"https:\/\/www.muzeumtrebisov.sk\/fotogaleria\/#breadcrumb"},"inLanguage":"hu","potentialAction":[{"@type":"ReadAction","target":["https:\/\/www.muzeumtrebisov.sk\/fotogaleria\/"]}]},{"@type":"BreadcrumbList","@id":"https:\/\/www.muzeumtrebisov.sk\/fotogaleria\/#breadcrumb","itemListElement":[{"@type":"ListItem","position":1,"name":"Home","item":"https:\/\/www.muzeumtrebisov.sk\/"},{"@type":"ListItem","position":2,"name":"Fotogal\u00e9ria"}]}]}},"_links":{"self":[{"href":"https:\/\/www.muzeumtrebisov.sk\/hu\/wp-json\/wp\/v2\/pages\/1401"}],"collection":[{"href":"https:\/\/www.muzeumtrebisov.sk\/hu\/wp-json\/wp\/v2\/pages"}],"about":[{"href":"https:\/\/www.muzeumtrebisov.sk\/hu\/wp-json\/wp\/v2\/types\/page"}],"author":[{"embeddable":true,"href":"https:\/\/www.muzeumtrebisov.sk\/hu\/wp-json\/wp\/v2\/users\/1"}],"replies":[{"embeddable":true,"href":"https:\/\/www.muzeumtrebisov.sk\/hu\/wp-json\/wp\/v2\/comments?post=1401"}],"version-history":[{"count":6,"href":"https:\/\/www.muzeumtrebisov.sk\/hu\/wp-json\/wp\/v2\/pages\/1401\/revisions"}],"predecessor-version":[{"id":1737,"href":"https:\/\/www.muzeumtrebisov.sk\/hu\/wp-json\/wp\/v2\/pages\/1401\/revisions\/1737"}],"wp:featuredmedia":[{"embeddable":true,"href":"https:\/\/www.muzeumtrebisov.sk\/hu\/wp-json\/wp\/v2\/media\/1219"}],"wp:attachment":[{"href":"https:\/\/www.muzeumtrebisov.sk\/hu\/wp-json\/wp\/v2\/media?parent=1401"}],"curies":[{"name":"wp","href":"https:\/\/api.w.org\/{rel}","templated":true}]}}