{"version":"1.0","provider_name":"M\u00fazeum Trebi\u0161ov - Ka\u0161tie\u013e Andr\u00e1ssyovcov","provider_url":"https:\/\/www.muzeumtrebisov.sk\/hu","title":"Vesm\u00edr o\u010dami det\u00ed 2022 | M\u00fazeum Trebi\u0161ov - Ka\u0161tie\u013e Andr\u00e1ssyovcov","type":"rich","width":600,"height":338,"html":"<blockquote class=\"wp-embedded-content\" data-secret=\"TjzpCO3fB2\"><a href=\"https:\/\/www.muzeumtrebisov.sk\/hu\/event\/vesmir-ocami-deti-2022\/\">Vesm\u00edr o\u010dami det\u00ed 2022<\/a><\/blockquote><iframe sandbox=\"allow-scripts\" security=\"restricted\" src=\"https:\/\/www.muzeumtrebisov.sk\/hu\/event\/vesmir-ocami-deti-2022\/embed\/#?secret=TjzpCO3fB2\" width=\"600\" height=\"338\" title=\"&#8220;Vesm\u00edr o\u010dami det\u00ed 2022&#8221; &#8212; M\u00fazeum Trebi\u0161ov - Ka\u0161tie\u013e Andr\u00e1ssyovcov\" data-secret=\"TjzpCO3fB2\" frameborder=\"0\" marginwidth=\"0\" marginheight=\"0\" scrolling=\"no\" class=\"wp-embedded-content\"><\/iframe><script type=\"text\/javascript\">\n\/*! This file is auto-generated *\/\n!function(c,d){\"use strict\";var e=!1,o=!1;if(d.querySelector)if(c.addEventListener)e=!0;if(c.wp=c.wp||{},c.wp.receiveEmbedMessage);else if(c.wp.receiveEmbedMessage=function(e){var t=e.data;if(!t);else if(!(t.secret||t.message||t.value));else if(\/[^a-zA-Z0-9]\/.test(t.secret));else{for(var r,s,a,i=d.querySelectorAll('iframe[data-secret=\"'+t.secret+'\"]'),n=d.querySelectorAll('blockquote[data-secret=\"'+t.secret+'\"]'),o=new RegExp(\"^https?:$\",\"i\"),l=0;l<n.length;l++)n[l].style.display=\"none\";for(l=0;l<i.length;l++)if(r=i[l],e.source!==r.contentWindow);else{if(r.removeAttribute(\"style\"),\"height\"===t.message){if(1e3<(s=parseInt(t.value,10)))s=1e3;else if(~~s<200)s=200;r.height=s}if(\"link\"===t.message)if(s=d.createElement(\"a\"),a=d.createElement(\"a\"),s.href=r.getAttribute(\"src\"),a.href=t.value,!o.test(a.protocol));else if(a.host===s.host)if(d.activeElement===r)c.top.location.href=t.value}}},e)c.addEventListener(\"message\",c.wp.receiveEmbedMessage,!1),d.addEventListener(\"DOMContentLoaded\",t,!1),c.addEventListener(\"load\",t,!1);function t(){if(o);else{o=!0;for(var e,t,r,s=-1!==navigator.appVersion.indexOf(\"MSIE 10\"),a=!!navigator.userAgent.match(\/Trident.*rv:11\\.\/),i=d.querySelectorAll(\"iframe.wp-embedded-content\"),n=0;n<i.length;n++){if(!(r=(t=i[n]).getAttribute(\"data-secret\")))r=Math.random().toString(36).substr(2,10),t.src+=\"#?secret=\"+r,t.setAttribute(\"data-secret\",r);if(s||a)(e=t.cloneNode(!0)).removeAttribute(\"security\"),t.parentNode.replaceChild(e,t);t.contentWindow.postMessage({message:\"ready\",secret:r},\"*\")}}}}(window,document);\n<\/script>","thumbnail_url":"https:\/\/www.muzeumtrebisov.sk\/wp-content\/uploads\/2023\/03\/334455752_193013220093770_512628939862393510_n.jpg","thumbnail_width":2000,"thumbnail_height":1448,"description":"V\u00fdstava\u2013 \u00a0\u201eVesm\u00edr o\u010dami det\u00ed 2022\u201c \u00a0 M\u00fazeum a Kult\u00farne centrum ju\u017en\u00e9hoZempl\u00edna v Trebi\u0161ove, kult\u00farne zariadenie Ko\u0161ick\u00e9ho samospr\u00e1vneho kraja,spr\u00edstupn\u00ed 6. marca 2023 kr\u00e1tkodob\u00fav\u00fdstavu s n\u00e1zvom VESM\u00cdR O\u010cAMI DET\u00cd 2022.\u00a0N\u00e1v\u0161tevn\u00edci si bud\u00fa m\u00f4c\u0165 pozrie\u0165 v\u00ed\u0165azn\u00e9pr\u00e1ce 37. ro\u010dn\u00edka celoslovenskej v\u00fdtvarnej s\u00fa\u0165a\u017ee Vesm\u00edr o\u010dami det\u00ed 2022. Ka\u017edoro\u010dne sa do tejto s\u00fa\u0165a\u017ee zap\u00e1ja aj na\u0161e M\u00fazeum a\u00a0Kult\u00farne centrum ju\u017en\u00e9hoZempl\u00edna v"}