{"version":"1.0","provider_name":"M\u00fazeum Trebi\u0161ov - Ka\u0161tie\u013e Andr\u00e1ssyovcov","provider_url":"https:\/\/www.muzeumtrebisov.sk\/hu","title":"Sviatok sv. J\u00e1na Krstite\u013ea | M\u00fazeum Trebi\u0161ov - Ka\u0161tie\u013e Andr\u00e1ssyovcov","type":"rich","width":600,"height":338,"html":"<blockquote class=\"wp-embedded-content\" data-secret=\"DJpW0sdw2v\"><a href=\"https:\/\/www.muzeumtrebisov.sk\/hu\/event\/sviatok-sv-jana-krstitela\/\">Sviatok sv. J\u00e1na Krstite\u013ea<\/a><\/blockquote><iframe sandbox=\"allow-scripts\" security=\"restricted\" src=\"https:\/\/www.muzeumtrebisov.sk\/hu\/event\/sviatok-sv-jana-krstitela\/embed\/#?secret=DJpW0sdw2v\" width=\"600\" height=\"338\" title=\"&#8220;Sviatok sv. J\u00e1na Krstite\u013ea&#8221; &#8212; M\u00fazeum Trebi\u0161ov - Ka\u0161tie\u013e Andr\u00e1ssyovcov\" data-secret=\"DJpW0sdw2v\" frameborder=\"0\" marginwidth=\"0\" marginheight=\"0\" scrolling=\"no\" class=\"wp-embedded-content\"><\/iframe><script type=\"text\/javascript\">\n\/*! This file is auto-generated *\/\n!function(c,d){\"use strict\";var e=!1,o=!1;if(d.querySelector)if(c.addEventListener)e=!0;if(c.wp=c.wp||{},c.wp.receiveEmbedMessage);else if(c.wp.receiveEmbedMessage=function(e){var t=e.data;if(!t);else if(!(t.secret||t.message||t.value));else if(\/[^a-zA-Z0-9]\/.test(t.secret));else{for(var r,s,a,i=d.querySelectorAll('iframe[data-secret=\"'+t.secret+'\"]'),n=d.querySelectorAll('blockquote[data-secret=\"'+t.secret+'\"]'),o=new RegExp(\"^https?:$\",\"i\"),l=0;l<n.length;l++)n[l].style.display=\"none\";for(l=0;l<i.length;l++)if(r=i[l],e.source!==r.contentWindow);else{if(r.removeAttribute(\"style\"),\"height\"===t.message){if(1e3<(s=parseInt(t.value,10)))s=1e3;else if(~~s<200)s=200;r.height=s}if(\"link\"===t.message)if(s=d.createElement(\"a\"),a=d.createElement(\"a\"),s.href=r.getAttribute(\"src\"),a.href=t.value,!o.test(a.protocol));else if(a.host===s.host)if(d.activeElement===r)c.top.location.href=t.value}}},e)c.addEventListener(\"message\",c.wp.receiveEmbedMessage,!1),d.addEventListener(\"DOMContentLoaded\",t,!1),c.addEventListener(\"load\",t,!1);function t(){if(o);else{o=!0;for(var e,t,r,s=-1!==navigator.appVersion.indexOf(\"MSIE 10\"),a=!!navigator.userAgent.match(\/Trident.*rv:11\\.\/),i=d.querySelectorAll(\"iframe.wp-embedded-content\"),n=0;n<i.length;n++){if(!(r=(t=i[n]).getAttribute(\"data-secret\")))r=Math.random().toString(36).substr(2,10),t.src+=\"#?secret=\"+r,t.setAttribute(\"data-secret\",r);if(s||a)(e=t.cloneNode(!0)).removeAttribute(\"security\"),t.parentNode.replaceChild(e,t);t.contentWindow.postMessage({message:\"ready\",secret:r},\"*\")}}}}(window,document);\n<\/script>","thumbnail_url":"https:\/\/www.muzeumtrebisov.sk\/wp-content\/uploads\/2023\/06\/SVIATOK-SV.-JANA-KRSTITELA-GRAFIKA.jpg","thumbnail_width":1708,"thumbnail_height":1214,"description":"Sviatok sv. J\u00e1na Krstite\u013ea \u201eA na J\u00e1na, svat\u00e9ho Jani\u010dka, kupala \u0161e \u010darna lastovi\u010dka.&#8220; Tradi\u010dn\u00e9 vidiecke obyvate\u013estvo malo vo svojom kalend\u00e1ri viacero sviatkov, ktor\u00fdch oslavy dopom\u00e1hali k\u00a0 upev\u0148ovaniu ich dedinsk\u00fdch spolo\u010denstiev. Jedn\u00fdm z\u00a0mnoh\u00fdch bol aj sviatok sv. J\u00e1na Krstite\u013ea, ktor\u00fd sa sl\u00e1vil 24. j\u00fana, kedy tepl\u00e9 po\u010dasie jasne signalizovalo, \u017ee leto u\u017e dorazilo. Podobne ako aj"}