{"version":"1.0","provider_name":"M\u00fazeum Trebi\u0161ov - Ka\u0161tie\u013e Andr\u00e1ssyovcov","provider_url":"https:\/\/www.muzeumtrebisov.sk\/hu","title":"Sviatok sv. Valent\u00edna | M\u00fazeum Trebi\u0161ov - Ka\u0161tie\u013e Andr\u00e1ssyovcov","type":"rich","width":600,"height":338,"html":"<blockquote class=\"wp-embedded-content\" data-secret=\"dJPTUWjLze\"><a href=\"https:\/\/www.muzeumtrebisov.sk\/hu\/event\/2977\/\">Sviatok sv. Valent\u00edna<\/a><\/blockquote><iframe sandbox=\"allow-scripts\" security=\"restricted\" src=\"https:\/\/www.muzeumtrebisov.sk\/hu\/event\/2977\/embed\/#?secret=dJPTUWjLze\" width=\"600\" height=\"338\" title=\"&#8220;Sviatok sv. Valent\u00edna&#8221; &#8212; M\u00fazeum Trebi\u0161ov - Ka\u0161tie\u013e Andr\u00e1ssyovcov\" data-secret=\"dJPTUWjLze\" frameborder=\"0\" marginwidth=\"0\" marginheight=\"0\" scrolling=\"no\" class=\"wp-embedded-content\"><\/iframe><script type=\"text\/javascript\">\n\/*! This file is auto-generated *\/\n!function(c,d){\"use strict\";var e=!1,o=!1;if(d.querySelector)if(c.addEventListener)e=!0;if(c.wp=c.wp||{},c.wp.receiveEmbedMessage);else if(c.wp.receiveEmbedMessage=function(e){var t=e.data;if(!t);else if(!(t.secret||t.message||t.value));else if(\/[^a-zA-Z0-9]\/.test(t.secret));else{for(var r,s,a,i=d.querySelectorAll('iframe[data-secret=\"'+t.secret+'\"]'),n=d.querySelectorAll('blockquote[data-secret=\"'+t.secret+'\"]'),o=new RegExp(\"^https?:$\",\"i\"),l=0;l<n.length;l++)n[l].style.display=\"none\";for(l=0;l<i.length;l++)if(r=i[l],e.source!==r.contentWindow);else{if(r.removeAttribute(\"style\"),\"height\"===t.message){if(1e3<(s=parseInt(t.value,10)))s=1e3;else if(~~s<200)s=200;r.height=s}if(\"link\"===t.message)if(s=d.createElement(\"a\"),a=d.createElement(\"a\"),s.href=r.getAttribute(\"src\"),a.href=t.value,!o.test(a.protocol));else if(a.host===s.host)if(d.activeElement===r)c.top.location.href=t.value}}},e)c.addEventListener(\"message\",c.wp.receiveEmbedMessage,!1),d.addEventListener(\"DOMContentLoaded\",t,!1),c.addEventListener(\"load\",t,!1);function t(){if(o);else{o=!0;for(var e,t,r,s=-1!==navigator.appVersion.indexOf(\"MSIE 10\"),a=!!navigator.userAgent.match(\/Trident.*rv:11\\.\/),i=d.querySelectorAll(\"iframe.wp-embedded-content\"),n=0;n<i.length;n++){if(!(r=(t=i[n]).getAttribute(\"data-secret\")))r=Math.random().toString(36).substr(2,10),t.src+=\"#?secret=\"+r,t.setAttribute(\"data-secret\",r);if(s||a)(e=t.cloneNode(!0)).removeAttribute(\"security\"),t.parentNode.replaceChild(e,t);t.contentWindow.postMessage({message:\"ready\",secret:r},\"*\")}}}}(window,document);\n<\/script>","thumbnail_url":"https:\/\/www.muzeumtrebisov.sk\/wp-content\/uploads\/2023\/02\/SVIATOK-SV.-VALENTINA-GRAFIKA.jpg","thumbnail_width":1214,"thumbnail_height":1708,"description":"Sviatok sv. Valent\u00edna \u201eL\u00e1ska pozost\u00e1va z jednej du\u0161e, ktor\u00e1 ob\u00fdva dve tel\u00e1.\u201c Aristoteles 14. febru\u00e1r zn\u00e1my ako de\u0148 v\u0161etk\u00fdch za\u013e\u00faben\u00fdch je dlh\u00e9 roky ob\u013e\u00faben\u00fdm, dalo by sa poveda\u0165 o\u010dak\u00e1van\u00fdm sviatok, kedy si za\u013e\u00fabenci vyhradia chv\u00edle len pre seba a spr\u00edjemnia si ich r\u00f4znymi p\u00f4\u017eitkami ako napr\u00edklad v podobe dobrej ve\u010dere, v\u00edna a \u010dokol\u00e1dy. V na\u0161ich"}