{"version":"1.0","provider_name":"M\u00fazeum Trebi\u0161ov - Ka\u0161tie\u013e Andr\u00e1ssyovcov","provider_url":"https:\/\/www.muzeumtrebisov.sk\/hu","title":"Medzin\u00e1rodn\u00fd de\u0148 pamiatky obet\u00ed holokaustu | M\u00fazeum Trebi\u0161ov - Ka\u0161tie\u013e Andr\u00e1ssyovcov","type":"rich","width":600,"height":338,"html":"<blockquote class=\"wp-embedded-content\" data-secret=\"w7JW722o40\"><a href=\"https:\/\/www.muzeumtrebisov.sk\/hu\/blog\/medzinarodny-den-pamiatky-obeti-holokaustu\/\">Medzin\u00e1rodn\u00fd de\u0148 pamiatky obet\u00ed holokaustu<\/a><\/blockquote><iframe sandbox=\"allow-scripts\" security=\"restricted\" src=\"https:\/\/www.muzeumtrebisov.sk\/hu\/blog\/medzinarodny-den-pamiatky-obeti-holokaustu\/embed\/#?secret=w7JW722o40\" width=\"600\" height=\"338\" title=\"&#8220;Medzin\u00e1rodn\u00fd de\u0148 pamiatky obet\u00ed holokaustu&#8221; &#8212; M\u00fazeum Trebi\u0161ov - Ka\u0161tie\u013e Andr\u00e1ssyovcov\" data-secret=\"w7JW722o40\" frameborder=\"0\" marginwidth=\"0\" marginheight=\"0\" scrolling=\"no\" class=\"wp-embedded-content\"><\/iframe><script type=\"text\/javascript\">\n\/*! This file is auto-generated *\/\n!function(c,d){\"use strict\";var e=!1,o=!1;if(d.querySelector)if(c.addEventListener)e=!0;if(c.wp=c.wp||{},c.wp.receiveEmbedMessage);else if(c.wp.receiveEmbedMessage=function(e){var t=e.data;if(!t);else if(!(t.secret||t.message||t.value));else if(\/[^a-zA-Z0-9]\/.test(t.secret));else{for(var r,s,a,i=d.querySelectorAll('iframe[data-secret=\"'+t.secret+'\"]'),n=d.querySelectorAll('blockquote[data-secret=\"'+t.secret+'\"]'),o=new RegExp(\"^https?:$\",\"i\"),l=0;l<n.length;l++)n[l].style.display=\"none\";for(l=0;l<i.length;l++)if(r=i[l],e.source!==r.contentWindow);else{if(r.removeAttribute(\"style\"),\"height\"===t.message){if(1e3<(s=parseInt(t.value,10)))s=1e3;else if(~~s<200)s=200;r.height=s}if(\"link\"===t.message)if(s=d.createElement(\"a\"),a=d.createElement(\"a\"),s.href=r.getAttribute(\"src\"),a.href=t.value,!o.test(a.protocol));else if(a.host===s.host)if(d.activeElement===r)c.top.location.href=t.value}}},e)c.addEventListener(\"message\",c.wp.receiveEmbedMessage,!1),d.addEventListener(\"DOMContentLoaded\",t,!1),c.addEventListener(\"load\",t,!1);function t(){if(o);else{o=!0;for(var e,t,r,s=-1!==navigator.appVersion.indexOf(\"MSIE 10\"),a=!!navigator.userAgent.match(\/Trident.*rv:11\\.\/),i=d.querySelectorAll(\"iframe.wp-embedded-content\"),n=0;n<i.length;n++){if(!(r=(t=i[n]).getAttribute(\"data-secret\")))r=Math.random().toString(36).substr(2,10),t.src+=\"#?secret=\"+r,t.setAttribute(\"data-secret\",r);if(s||a)(e=t.cloneNode(!0)).removeAttribute(\"security\"),t.parentNode.replaceChild(e,t);t.contentWindow.postMessage({message:\"ready\",secret:r},\"*\")}}}}(window,document);\n<\/script>","thumbnail_url":"https:\/\/www.muzeumtrebisov.sk\/wp-content\/uploads\/2025\/02\/zidia2.jpg","thumbnail_width":2009,"thumbnail_height":1329,"description":"27. janu\u00e1r vyhl\u00e1silo Valn\u00e9 zhroma\u017edenie OSN na po\u010des\u0165 oslobodenia najv\u00e4\u010d\u0161ieho vyhladzovacieho t\u00e1bor Auschwitz-Birkenou (Osvien\u010dim) Medzin\u00e1rodn\u00fdm d\u0148om pamiatky obet\u00ed holokaustu. Svet si v tento de\u0148 pripom\u00edna utrpenie mili\u00f3nov \u017didov, ktor\u00ed boli obe\u0165ami holokaustu po\u010das 2. svetovej vojny. Ani na Slovensku sa \u017eiadna obec nevyhla t\u00fdmto smutn\u00fdm udalostiam. Pod\u013ea nov\u00fdch nariaden\u00ed mali by\u0165 zo Slovensk\u00e9ho \u0161t\u00e1tu vys\u0165ahovan\u00ed"}